{"version":"1.0","provider_name":"Institut Fran\u00e7ais de J\u00e9rusalem","provider_url":"https:\/\/www.ifjerusalem-romaingary.org\/he\/","title":"FESTIVAL INTERNATIONAL DU FILM \u00c0 J\u00c9RUSALEM #42 - Institut Fran\u00e7ais de J\u00e9rusalem","type":"rich","width":600,"height":338,"html":"<blockquote class=\"wp-embedded-content\" data-secret=\"UpyIiIu3Oc\"><a href=\"https:\/\/www.ifjerusalem-romaingary.org\/he\/festival-international-du-film-a-jerusalem-42\/\">FESTIVAL INTERNATIONAL DU FILM \u00c0 J\u00c9RUSALEM #42<\/a><\/blockquote><iframe sandbox=\"allow-scripts\" security=\"restricted\" src=\"https:\/\/www.ifjerusalem-romaingary.org\/he\/festival-international-du-film-a-jerusalem-42\/embed\/#?secret=UpyIiIu3Oc\" width=\"600\" height=\"338\" title=\"&#8220;FESTIVAL INTERNATIONAL DU FILM \u00c0 J\u00c9RUSALEM #42&#8221; &#8212; Institut Fran\u00e7ais de J\u00e9rusalem\" data-secret=\"UpyIiIu3Oc\" frameborder=\"0\" marginwidth=\"0\" marginheight=\"0\" scrolling=\"no\" class=\"wp-embedded-content\"><\/iframe><script type=\"text\/javascript\">\n\/* <![CDATA[ *\/\n\/*! This file is auto-generated *\/\n!function(d,l){\"use strict\";l.querySelector&&d.addEventListener&&\"undefined\"!=typeof URL&&(d.wp=d.wp||{},d.wp.receiveEmbedMessage||(d.wp.receiveEmbedMessage=function(e){var t=e.data;if((t||t.secret||t.message||t.value)&&!\/[^a-zA-Z0-9]\/.test(t.secret)){for(var s,r,n,a=l.querySelectorAll('iframe[data-secret=\"'+t.secret+'\"]'),o=l.querySelectorAll('blockquote[data-secret=\"'+t.secret+'\"]'),c=new RegExp(\"^https?:$\",\"i\"),i=0;i<o.length;i++)o[i].style.display=\"none\";for(i=0;i<a.length;i++)s=a[i],e.source===s.contentWindow&&(s.removeAttribute(\"style\"),\"height\"===t.message?(1e3<(r=parseInt(t.value,10))?r=1e3:~~r<200&&(r=200),s.height=r):\"link\"===t.message&&(r=new URL(s.getAttribute(\"src\")),n=new URL(t.value),c.test(n.protocol))&&n.host===r.host&&l.activeElement===s&&(d.top.location.href=t.value))}},d.addEventListener(\"message\",d.wp.receiveEmbedMessage,!1),l.addEventListener(\"DOMContentLoaded\",function(){for(var e,t,s=l.querySelectorAll(\"iframe.wp-embedded-content\"),r=0;r<s.length;r++)(t=(e=s[r]).getAttribute(\"data-secret\"))||(t=Math.random().toString(36).substring(2,12),e.src+=\"#?secret=\"+t,e.setAttribute(\"data-secret\",t)),e.contentWindow.postMessage({message:\"ready\",secret:t},\"*\")},!1)))}(window,document);\n\/\/# sourceURL=https:\/\/www.ifjerusalem-romaingary.org\/wp-includes\/js\/wp-embed.min.js\n\/* ]]> *\/\n<\/script>\n","thumbnail_url":"https:\/\/www.ifjerusalem-romaingary.org\/wp-content\/uploads\/2025\/07\/Visuel-pour-le-site-Festival-international-du-film.jpg","thumbnail_width":2048,"thumbnail_height":960,"description":"Le rendez-vous estival des cin\u00e9philes L\u2019institut fran\u00e7ais de J\u00e9rusalem Romain Gary est heureux de poursuivre son partenariat avec la Cin\u00e9math\u00e8que de J\u00e9rusalem pour cette nouvelle \u00e9dition du festival international du film. Consciente du contexte difficile, l'\u00e9quipe du festival a pris la d\u00e9cision de maintenir le calendrier initial car il se veut un phare culturel, rappelant &hellip;"}