{"version":"1.0","provider_name":"Institut Fran\u00e7ais de J\u00e9rusalem","provider_url":"https:\/\/www.ifjerusalem-romaingary.org\/he\/","title":"JOURN\u00c9ES DE L\u2019ARCH\u00c9OLOGIE : \"SOUS TES PIERRES, J\u00c9RUSALEM\" - Institut Fran\u00e7ais de J\u00e9rusalem","type":"rich","width":600,"height":338,"html":"<blockquote class=\"wp-embedded-content\" data-secret=\"8CAKgKgP4J\"><a href=\"https:\/\/www.ifjerusalem-romaingary.org\/he\/journees-de-larcheologie-sous-tes-pierres-jerusalem\/\">JOURN\u00c9ES DE L\u2019ARCH\u00c9OLOGIE : &quot;SOUS TES PIERRES, J\u00c9RUSALEM&quot;<\/a><\/blockquote><iframe sandbox=\"allow-scripts\" security=\"restricted\" src=\"https:\/\/www.ifjerusalem-romaingary.org\/he\/journees-de-larcheologie-sous-tes-pierres-jerusalem\/embed\/#?secret=8CAKgKgP4J\" width=\"600\" height=\"338\" title=\"&#8220;JOURN\u00c9ES DE L\u2019ARCH\u00c9OLOGIE : &quot;SOUS TES PIERRES, J\u00c9RUSALEM&quot;&#8221; &#8212; Institut Fran\u00e7ais de J\u00e9rusalem\" data-secret=\"8CAKgKgP4J\" frameborder=\"0\" marginwidth=\"0\" marginheight=\"0\" scrolling=\"no\" class=\"wp-embedded-content\"><\/iframe><script type=\"text\/javascript\">\n\/* <![CDATA[ *\/\n\/*! This file is auto-generated *\/\n!function(d,l){\"use strict\";l.querySelector&&d.addEventListener&&\"undefined\"!=typeof URL&&(d.wp=d.wp||{},d.wp.receiveEmbedMessage||(d.wp.receiveEmbedMessage=function(e){var t=e.data;if((t||t.secret||t.message||t.value)&&!\/[^a-zA-Z0-9]\/.test(t.secret)){for(var s,r,n,a=l.querySelectorAll('iframe[data-secret=\"'+t.secret+'\"]'),o=l.querySelectorAll('blockquote[data-secret=\"'+t.secret+'\"]'),c=new RegExp(\"^https?:$\",\"i\"),i=0;i<o.length;i++)o[i].style.display=\"none\";for(i=0;i<a.length;i++)s=a[i],e.source===s.contentWindow&&(s.removeAttribute(\"style\"),\"height\"===t.message?(1e3<(r=parseInt(t.value,10))?r=1e3:~~r<200&&(r=200),s.height=r):\"link\"===t.message&&(r=new URL(s.getAttribute(\"src\")),n=new URL(t.value),c.test(n.protocol))&&n.host===r.host&&l.activeElement===s&&(d.top.location.href=t.value))}},d.addEventListener(\"message\",d.wp.receiveEmbedMessage,!1),l.addEventListener(\"DOMContentLoaded\",function(){for(var e,t,s=l.querySelectorAll(\"iframe.wp-embedded-content\"),r=0;r<s.length;r++)(t=(e=s[r]).getAttribute(\"data-secret\"))||(t=Math.random().toString(36).substring(2,12),e.src+=\"#?secret=\"+t,e.setAttribute(\"data-secret\",t)),e.contentWindow.postMessage({message:\"ready\",secret:t},\"*\")},!1)))}(window,document);\n\/\/# sourceURL=https:\/\/www.ifjerusalem-romaingary.org\/wp-includes\/js\/wp-embed.min.js\n\/* ]]> *\/\n<\/script>\n","thumbnail_url":"https:\/\/www.ifjerusalem-romaingary.org\/wp-content\/uploads\/2025\/06\/Visuel-article-site-Sous-tes-pierres-Jerusalem.jpg","thumbnail_width":351,"thumbnail_height":240,"description":"SOUS TES PIERRES, J\u00c9RUSALEM Quand l\u2019arch\u00e9ologie fait l\u2019histoire A l\u2019occasion des journ\u00e9es de l\u2019arch\u00e9ologie, initi\u00e9es par le minist\u00e8re de la Culture et pilot\u00e9es par l\u2019Institut national de recherches arch\u00e9ologiques pr\u00e9ventives (Inrap), les Journ\u00e9es de l\u2019arch\u00e9ologie invitent le public \u00e0 explorer le pass\u00e9, du plus ancien au plus r\u00e9cent, et de la fouille au mus\u00e9e.\u00a0 \u00c0 &hellip;"}