{"version":"1.0","provider_name":"Institut Fran\u00e7ais de J\u00e9rusalem","provider_url":"https:\/\/www.ifjerusalem-romaingary.org\/he\/","title":"R\u00c9SIDENCE 2013 | Benjamin Abitan - Institut Fran\u00e7ais de J\u00e9rusalem","type":"rich","width":600,"height":338,"html":"<blockquote class=\"wp-embedded-content\" data-secret=\"wyJWgTIGIY\"><a href=\"https:\/\/www.ifjerusalem-romaingary.org\/he\/residences\/residence-2013-benjamin-abitan\/\">R\u00c9SIDENCE 2013 | Benjamin Abitan<\/a><\/blockquote><iframe sandbox=\"allow-scripts\" security=\"restricted\" src=\"https:\/\/www.ifjerusalem-romaingary.org\/he\/residences\/residence-2013-benjamin-abitan\/embed\/#?secret=wyJWgTIGIY\" width=\"600\" height=\"338\" title=\"&#8220;R\u00c9SIDENCE 2013 | Benjamin Abitan&#8221; &#8212; Institut Fran\u00e7ais de J\u00e9rusalem\" data-secret=\"wyJWgTIGIY\" frameborder=\"0\" marginwidth=\"0\" marginheight=\"0\" scrolling=\"no\" class=\"wp-embedded-content\"><\/iframe><script type=\"text\/javascript\">\n\/* <![CDATA[ *\/\n\/*! This file is auto-generated *\/\n!function(d,l){\"use strict\";l.querySelector&&d.addEventListener&&\"undefined\"!=typeof URL&&(d.wp=d.wp||{},d.wp.receiveEmbedMessage||(d.wp.receiveEmbedMessage=function(e){var t=e.data;if((t||t.secret||t.message||t.value)&&!\/[^a-zA-Z0-9]\/.test(t.secret)){for(var s,r,n,a=l.querySelectorAll('iframe[data-secret=\"'+t.secret+'\"]'),o=l.querySelectorAll('blockquote[data-secret=\"'+t.secret+'\"]'),c=new RegExp(\"^https?:$\",\"i\"),i=0;i<o.length;i++)o[i].style.display=\"none\";for(i=0;i<a.length;i++)s=a[i],e.source===s.contentWindow&&(s.removeAttribute(\"style\"),\"height\"===t.message?(1e3<(r=parseInt(t.value,10))?r=1e3:~~r<200&&(r=200),s.height=r):\"link\"===t.message&&(r=new URL(s.getAttribute(\"src\")),n=new URL(t.value),c.test(n.protocol))&&n.host===r.host&&l.activeElement===s&&(d.top.location.href=t.value))}},d.addEventListener(\"message\",d.wp.receiveEmbedMessage,!1),l.addEventListener(\"DOMContentLoaded\",function(){for(var e,t,s=l.querySelectorAll(\"iframe.wp-embedded-content\"),r=0;r<s.length;r++)(t=(e=s[r]).getAttribute(\"data-secret\"))||(t=Math.random().toString(36).substring(2,12),e.src+=\"#?secret=\"+t,e.setAttribute(\"data-secret\",t)),e.contentWindow.postMessage({message:\"ready\",secret:t},\"*\")},!1)))}(window,document);\n\/\/# sourceURL=https:\/\/www.ifjerusalem-romaingary.org\/wp-includes\/js\/wp-embed.min.js\n\/* ]]> *\/\n<\/script>\n","thumbnail_url":"https:\/\/www.ifjerusalem-romaingary.org\/wp-content\/uploads\/2017\/08\/institut-francais-jerusalem-romain-gary-residence-2013.jpg","thumbnail_width":567,"thumbnail_height":283,"description":"UN AUTEUR Com\u00e9dien, auteur et metteur en sc\u00e8ne, Benjamin Abitan a \u00e9t\u00e9 form\u00e9 \u00e0 la fois \u00e0 l'Universit\u00e9 de Paris 8 (Saint-Denis) et au Conservatoire National Sup\u00e9rieur d'Art Dramatique. Il \u00e9crit et met en sc\u00e8ne des spectacles depuis 2004 avec sa compagnie, le Th\u00e9\u00e2tre de la D\u00e9mesure. Depuis 2010 il \u00e9crit aussi des fictions radiophoniques &hellip;"}