{"id":12274,"date":"2025-10-28T14:48:24","date_gmt":"2025-10-28T12:48:24","guid":{"rendered":"https:\/\/www.ifjerusalem-romaingary.org\/?page_id=12274"},"modified":"2026-02-10T15:12:04","modified_gmt":"2026-02-10T13:12:04","slug":"locations-espaces","status":"publish","type":"page","link":"https:\/\/www.ifjerusalem-romaingary.org\/he\/locations-espaces\/","title":{"rendered":"LOCATIONS ESPACES"},"content":{"rendered":"<p style=\"font-weight: 400;\"><span style=\"color: #3457a2;\"><strong>Location d\u2019espaces \u2013 Institut Romain Gary<br \/>\n<\/strong><\/span>Id\u00e9alement situ\u00e9, l\u2019Institut Romain Gary offre un lieu\u00a0<span style=\"color: #3457a2;\"><strong>au cachet rare<\/strong><\/span>, \u00e0 la fois\u00a0<span style=\"color: #3457a2;\"><strong>singulier et inspirant<\/strong><\/span>. Son architecture et son atmosph\u00e8re en font un espace unique, propice \u00e0 la cr\u00e9ation, \u00e0 la r\u00e9flexion et aux rencontres.<br \/>\nConf\u00e9rences, formations, examens, \u00e9v\u00e9nements culturels, r\u00e9unions ou projets sur mesure :\u00a0<span style=\"color: #3457a2;\"><strong>les possibilit\u00e9s sont nombreuses<\/strong><\/span>\u00a0et s\u2019adaptent \u00e0 vos besoins.<br \/>\nUne localisation exceptionnelle, un cadre \u00e9l\u00e9gant et une grande flexibilit\u00e9 d\u2019usage font de l\u2019Institut Romain Gary un lieu \u00e0 part.<\/p>\n<p style=\"font-weight: 400;\"><span style=\"color: #3457a2;\"><strong>Renseignez-vous<\/strong><\/span>\u00a0pour d\u00e9couvrir les espaces disponibles et imaginer votre projet dans un cadre d\u2019exception.<br \/>\n*****<br \/>\n<strong><span style=\"color: #3457a2;\">Space Rental \u2013 Romain Gary Institute<\/span><br \/>\n<\/strong>Ideally located, the Romain Gary Institute offers a\u00a0<span style=\"color: #3457a2;\"><strong>unique venue full of character<\/strong><\/span>, both distinctive and inspiring. Its architecture and atmosphere make it a one-of-a-kind space, perfect for creativity, reflection, and meaningful encounters.<br \/>\nConferences, training sessions, examinations, cultural events, meetings, or tailor-made projects \u2014\u00a0<span style=\"color: #3457a2;\"><strong>a wide range of possibilities<\/strong><\/span>\u00a0is available to suit your needs.<br \/>\nAn exceptional location, an elegant setting, and great flexibility make the Romain Gary Institute a truly special place.<br \/>\n<span style=\"color: #3457a2;\"><strong>Contact us<\/strong><\/span>\u00a0to learn more about the available spaces and imagine your project in an exceptional setting.<\/p>\n<p><img decoding=\"async\" class=\"alignleft wp-image-12762 size-large\" src=\"https:\/\/www.ifjerusalem-romaingary.org\/wp-content\/uploads\/2026\/02\/ELIO0026-683x1024.jpg\" alt=\"\" width=\"618\" height=\"927\" srcset=\"https:\/\/www.ifjerusalem-romaingary.org\/wp-content\/uploads\/2026\/02\/ELIO0026-683x1024.jpg 683w, https:\/\/www.ifjerusalem-romaingary.org\/wp-content\/uploads\/2026\/02\/ELIO0026-200x300.jpg 200w, https:\/\/www.ifjerusalem-romaingary.org\/wp-content\/uploads\/2026\/02\/ELIO0026-768x1152.jpg 768w, https:\/\/www.ifjerusalem-romaingary.org\/wp-content\/uploads\/2026\/02\/ELIO0026-1024x1536.jpg 1024w, https:\/\/www.ifjerusalem-romaingary.org\/wp-content\/uploads\/2026\/02\/ELIO0026-1365x2048.jpg 1365w, https:\/\/www.ifjerusalem-romaingary.org\/wp-content\/uploads\/2026\/02\/ELIO0026-scaled.jpg 1707w\" sizes=\"(max-width: 618px) 100vw, 618px\" \/> <img decoding=\"async\" class=\"alignleft wp-image-12764 size-large\" src=\"https:\/\/www.ifjerusalem-romaingary.org\/wp-content\/uploads\/2026\/02\/ELIO0036-1024x683.jpg\" alt=\"\" width=\"618\" height=\"412\" srcset=\"https:\/\/www.ifjerusalem-romaingary.org\/wp-content\/uploads\/2026\/02\/ELIO0036-1024x683.jpg 1024w, https:\/\/www.ifjerusalem-romaingary.org\/wp-content\/uploads\/2026\/02\/ELIO0036-300x200.jpg 300w, https:\/\/www.ifjerusalem-romaingary.org\/wp-content\/uploads\/2026\/02\/ELIO0036-768x512.jpg 768w, https:\/\/www.ifjerusalem-romaingary.org\/wp-content\/uploads\/2026\/02\/ELIO0036-1536x1024.jpg 1536w, https:\/\/www.ifjerusalem-romaingary.org\/wp-content\/uploads\/2026\/02\/ELIO0036-2048x1365.jpg 2048w\" sizes=\"(max-width: 618px) 100vw, 618px\" \/> <img decoding=\"async\" class=\"alignleft wp-image-12766 size-large\" src=\"https:\/\/www.ifjerusalem-romaingary.org\/wp-content\/uploads\/2026\/02\/ELIO0042-1024x683.jpg\" alt=\"\" width=\"618\" height=\"412\" srcset=\"https:\/\/www.ifjerusalem-romaingary.org\/wp-content\/uploads\/2026\/02\/ELIO0042-1024x683.jpg 1024w, https:\/\/www.ifjerusalem-romaingary.org\/wp-content\/uploads\/2026\/02\/ELIO0042-300x200.jpg 300w, https:\/\/www.ifjerusalem-romaingary.org\/wp-content\/uploads\/2026\/02\/ELIO0042-768x512.jpg 768w, https:\/\/www.ifjerusalem-romaingary.org\/wp-content\/uploads\/2026\/02\/ELIO0042-1536x1024.jpg 1536w, https:\/\/www.ifjerusalem-romaingary.org\/wp-content\/uploads\/2026\/02\/ELIO0042-2048x1365.jpg 2048w\" sizes=\"(max-width: 618px) 100vw, 618px\" \/> <img decoding=\"async\" class=\"alignleft wp-image-12768 size-large\" src=\"https:\/\/www.ifjerusalem-romaingary.org\/wp-content\/uploads\/2026\/02\/ELIO0061-683x1024.jpg\" alt=\"\" width=\"618\" height=\"927\" srcset=\"https:\/\/www.ifjerusalem-romaingary.org\/wp-content\/uploads\/2026\/02\/ELIO0061-683x1024.jpg 683w, https:\/\/www.ifjerusalem-romaingary.org\/wp-content\/uploads\/2026\/02\/ELIO0061-200x300.jpg 200w, https:\/\/www.ifjerusalem-romaingary.org\/wp-content\/uploads\/2026\/02\/ELIO0061-768x1152.jpg 768w, https:\/\/www.ifjerusalem-romaingary.org\/wp-content\/uploads\/2026\/02\/ELIO0061-1024x1536.jpg 1024w, https:\/\/www.ifjerusalem-romaingary.org\/wp-content\/uploads\/2026\/02\/ELIO0061-1365x2048.jpg 1365w, https:\/\/www.ifjerusalem-romaingary.org\/wp-content\/uploads\/2026\/02\/ELIO0061-scaled.jpg 1707w\" sizes=\"(max-width: 618px) 100vw, 618px\" \/><\/p>\n<p><img decoding=\"async\" class=\"alignleft wp-image-12737 size-large\" src=\"https:\/\/www.ifjerusalem-romaingary.org\/wp-content\/uploads\/2026\/02\/1743422655414-768x1024.jpg\" alt=\"\" width=\"618\" height=\"824\" srcset=\"https:\/\/www.ifjerusalem-romaingary.org\/wp-content\/uploads\/2026\/02\/1743422655414-768x1024.jpg 768w, https:\/\/www.ifjerusalem-romaingary.org\/wp-content\/uploads\/2026\/02\/1743422655414-225x300.jpg 225w, https:\/\/www.ifjerusalem-romaingary.org\/wp-content\/uploads\/2026\/02\/1743422655414-1152x1536.jpg 1152w, https:\/\/www.ifjerusalem-romaingary.org\/wp-content\/uploads\/2026\/02\/1743422655414-1536x2048.jpg 1536w, https:\/\/www.ifjerusalem-romaingary.org\/wp-content\/uploads\/2026\/02\/1743422655414-scaled.jpg 1920w\" sizes=\"(max-width: 618px) 100vw, 618px\" \/> <img decoding=\"async\" class=\"alignleft wp-image-12739 size-large\" src=\"https:\/\/www.ifjerusalem-romaingary.org\/wp-content\/uploads\/2026\/02\/1743422655423-1024x768.jpg\" alt=\"\" width=\"618\" height=\"464\" srcset=\"https:\/\/www.ifjerusalem-romaingary.org\/wp-content\/uploads\/2026\/02\/1743422655423-1024x768.jpg 1024w, https:\/\/www.ifjerusalem-romaingary.org\/wp-content\/uploads\/2026\/02\/1743422655423-300x225.jpg 300w, https:\/\/www.ifjerusalem-romaingary.org\/wp-content\/uploads\/2026\/02\/1743422655423-768x576.jpg 768w, https:\/\/www.ifjerusalem-romaingary.org\/wp-content\/uploads\/2026\/02\/1743422655423-1536x1152.jpg 1536w, https:\/\/www.ifjerusalem-romaingary.org\/wp-content\/uploads\/2026\/02\/1743422655423-2048x1536.jpg 2048w\" sizes=\"(max-width: 618px) 100vw, 618px\" \/> <img decoding=\"async\" class=\"alignleft wp-image-12741 size-large\" src=\"https:\/\/www.ifjerusalem-romaingary.org\/wp-content\/uploads\/2026\/02\/ELIO0014-1024x683.jpg\" alt=\"\" width=\"618\" height=\"412\" srcset=\"https:\/\/www.ifjerusalem-romaingary.org\/wp-content\/uploads\/2026\/02\/ELIO0014-1024x683.jpg 1024w, https:\/\/www.ifjerusalem-romaingary.org\/wp-content\/uploads\/2026\/02\/ELIO0014-300x200.jpg 300w, https:\/\/www.ifjerusalem-romaingary.org\/wp-content\/uploads\/2026\/02\/ELIO0014-768x512.jpg 768w, https:\/\/www.ifjerusalem-romaingary.org\/wp-content\/uploads\/2026\/02\/ELIO0014-1536x1024.jpg 1536w, https:\/\/www.ifjerusalem-romaingary.org\/wp-content\/uploads\/2026\/02\/ELIO0014-2048x1365.jpg 2048w\" sizes=\"(max-width: 618px) 100vw, 618px\" \/><\/p>\n","protected":false},"excerpt":{"rendered":"<p>Location d\u2019espaces \u2013 Institut Romain Gary Id\u00e9alement situ\u00e9, l\u2019Institut Romain Gary offre un lieu\u00a0au cachet rare, \u00e0 la fois\u00a0singulier et inspirant. Son architecture et son atmosph\u00e8re en font un espace unique, propice \u00e0 la cr\u00e9ation, \u00e0 la r\u00e9flexion et aux rencontres. Conf\u00e9rences, formations, examens, \u00e9v\u00e9nements culturels, r\u00e9unions ou projets sur mesure :\u00a0les possibilit\u00e9s sont nombreuses\u00a0et &hellip;<\/p>\n","protected":false},"author":1,"featured_media":0,"parent":0,"menu_order":0,"comment_status":"closed","ping_status":"closed","template":"","meta":{"_exactmetrics_skip_tracking":false,"_exactmetrics_sitenote_active":false,"_exactmetrics_sitenote_note":"","_exactmetrics_sitenote_category":0,"footnotes":""},"class_list":["post-12274","page","type-page","status-publish",""],"yoast_head":"<!-- This site is optimized with the Yoast SEO plugin v26.6 - https:\/\/yoast.com\/wordpress\/plugins\/seo\/ -->\n<title>LOCATIONS ESPACES - Institut Fran\u00e7ais de J\u00e9rusalem<\/title>\n<meta name=\"robots\" content=\"index, follow, max-snippet:-1, max-image-preview:large, max-video-preview:-1\" \/>\n<link rel=\"canonical\" href=\"https:\/\/www.ifjerusalem-romaingary.org\/he\/locations-espaces\/\" \/>\n<meta property=\"og:locale\" content=\"he_IL\" \/>\n<meta property=\"og:type\" content=\"article\" \/>\n<meta property=\"og:title\" content=\"LOCATIONS ESPACES - Institut Fran\u00e7ais de J\u00e9rusalem\" \/>\n<meta property=\"og:description\" content=\"Location d\u2019espaces \u2013 Institut Romain Gary Id\u00e9alement situ\u00e9, l\u2019Institut Romain Gary offre un lieu\u00a0au cachet rare, \u00e0 la fois\u00a0singulier et inspirant. Son architecture et son atmosph\u00e8re en font un espace unique, propice \u00e0 la cr\u00e9ation, \u00e0 la r\u00e9flexion et aux rencontres. Conf\u00e9rences, formations, examens, \u00e9v\u00e9nements culturels, r\u00e9unions ou projets sur mesure :\u00a0les possibilit\u00e9s sont nombreuses\u00a0et &hellip;\" \/>\n<meta property=\"og:url\" content=\"https:\/\/www.ifjerusalem-romaingary.org\/he\/locations-espaces\/\" \/>\n<meta property=\"og:site_name\" content=\"Institut Fran\u00e7ais de J\u00e9rusalem\" \/>\n<meta property=\"article:publisher\" content=\"https:\/\/www.facebook.com\/IFJGary\/\" \/>\n<meta property=\"article:modified_time\" content=\"2026-02-10T13:12:04+00:00\" \/>\n<meta property=\"og:image\" content=\"https:\/\/www.ifjerusalem-romaingary.org\/wp-content\/uploads\/2026\/02\/ELIO0026-scaled.jpg\" \/>\n\t<meta property=\"og:image:width\" content=\"1707\" \/>\n\t<meta property=\"og:image:height\" content=\"2560\" \/>\n\t<meta property=\"og:image:type\" content=\"image\/jpeg\" \/>\n<meta name=\"twitter:card\" content=\"summary_large_image\" \/>\n<meta name=\"twitter:site\" content=\"@ifjromaingary\" \/>\n<meta name=\"twitter:label1\" content=\"\u05d6\u05de\u05df \u05e7\u05e8\u05d9\u05d0\u05d4 \u05de\u05d5\u05e2\u05e8\u05da\" \/>\n\t<meta name=\"twitter:data1\" content=\"3 \u05d3\u05e7\u05d5\u05ea\" \/>\n<script type=\"application\/ld+json\" class=\"yoast-schema-graph\">{\"@context\":\"https:\/\/schema.org\",\"@graph\":[{\"@type\":\"WebPage\",\"@id\":\"https:\/\/www.ifjerusalem-romaingary.org\/he\/locations-espaces\/\",\"url\":\"https:\/\/www.ifjerusalem-romaingary.org\/he\/locations-espaces\/\",\"name\":\"LOCATIONS ESPACES - Institut Fran\u00e7ais de J\u00e9rusalem\",\"isPartOf\":{\"@id\":\"https:\/\/www.ifjerusalem-romaingary.org\/he\/#website\"},\"primaryImageOfPage\":{\"@id\":\"https:\/\/www.ifjerusalem-romaingary.org\/he\/locations-espaces\/#primaryimage\"},\"image\":{\"@id\":\"https:\/\/www.ifjerusalem-romaingary.org\/he\/locations-espaces\/#primaryimage\"},\"thumbnailUrl\":\"https:\/\/www.ifjerusalem-romaingary.org\/wp-content\/uploads\/2026\/02\/ELIO0026-683x1024.jpg\",\"datePublished\":\"2025-10-28T12:48:24+00:00\",\"dateModified\":\"2026-02-10T13:12:04+00:00\",\"breadcrumb\":{\"@id\":\"https:\/\/www.ifjerusalem-romaingary.org\/he\/locations-espaces\/#breadcrumb\"},\"inLanguage\":\"he-IL\",\"potentialAction\":[{\"@type\":\"ReadAction\",\"target\":[\"https:\/\/www.ifjerusalem-romaingary.org\/he\/locations-espaces\/\"]}]},{\"@type\":\"ImageObject\",\"inLanguage\":\"he-IL\",\"@id\":\"https:\/\/www.ifjerusalem-romaingary.org\/he\/locations-espaces\/#primaryimage\",\"url\":\"https:\/\/www.ifjerusalem-romaingary.org\/wp-content\/uploads\/2026\/02\/ELIO0026-683x1024.jpg\",\"contentUrl\":\"https:\/\/www.ifjerusalem-romaingary.org\/wp-content\/uploads\/2026\/02\/ELIO0026-683x1024.jpg\"},{\"@type\":\"BreadcrumbList\",\"@id\":\"https:\/\/www.ifjerusalem-romaingary.org\/he\/locations-espaces\/#breadcrumb\",\"itemListElement\":[{\"@type\":\"ListItem\",\"position\":1,\"name\":\"Accueil\",\"item\":\"https:\/\/www.ifjerusalem-romaingary.org\/he\/accueil\/\"},{\"@type\":\"ListItem\",\"position\":2,\"name\":\"LOCATIONS ESPACES\"}]},{\"@type\":\"WebSite\",\"@id\":\"https:\/\/www.ifjerusalem-romaingary.org\/he\/#website\",\"url\":\"https:\/\/www.ifjerusalem-romaingary.org\/he\/\",\"name\":\"Institut Fran\u00e7ais de J\u00e9rusalem\",\"description\":\"Romain Gary\",\"publisher\":{\"@id\":\"https:\/\/www.ifjerusalem-romaingary.org\/he\/#organization\"},\"potentialAction\":[{\"@type\":\"SearchAction\",\"target\":{\"@type\":\"EntryPoint\",\"urlTemplate\":\"https:\/\/www.ifjerusalem-romaingary.org\/he\/?s={search_term_string}\"},\"query-input\":{\"@type\":\"PropertyValueSpecification\",\"valueRequired\":true,\"valueName\":\"search_term_string\"}}],\"inLanguage\":\"he-IL\"},{\"@type\":\"Organization\",\"@id\":\"https:\/\/www.ifjerusalem-romaingary.org\/he\/#organization\",\"name\":\"Institut fran\u00e7ais de Jerusalem\",\"url\":\"https:\/\/www.ifjerusalem-romaingary.org\/he\/\",\"logo\":{\"@type\":\"ImageObject\",\"inLanguage\":\"he-IL\",\"@id\":\"https:\/\/www.ifjerusalem-romaingary.org\/he\/#\/schema\/logo\/image\/\",\"url\":\"https:\/\/www.ifjerusalem-romaingary.org\/wp-content\/uploads\/2020\/01\/logo-Cons-Jerusalem-IFJ-2016@2x.png\",\"contentUrl\":\"https:\/\/www.ifjerusalem-romaingary.org\/wp-content\/uploads\/2020\/01\/logo-Cons-Jerusalem-IFJ-2016@2x.png\",\"width\":480,\"height\":163,\"caption\":\"Institut fran\u00e7ais de Jerusalem\"},\"image\":{\"@id\":\"https:\/\/www.ifjerusalem-romaingary.org\/he\/#\/schema\/logo\/image\/\"},\"sameAs\":[\"https:\/\/www.facebook.com\/IFJGary\/\",\"https:\/\/x.com\/ifjromaingary\"]}]}<\/script>\n<!-- \/ Yoast SEO plugin. -->","yoast_head_json":{"title":"LOCATIONS ESPACES - Institut Fran\u00e7ais de J\u00e9rusalem","robots":{"index":"index","follow":"follow","max-snippet":"max-snippet:-1","max-image-preview":"max-image-preview:large","max-video-preview":"max-video-preview:-1"},"canonical":"https:\/\/www.ifjerusalem-romaingary.org\/he\/locations-espaces\/","og_locale":"he_IL","og_type":"article","og_title":"LOCATIONS ESPACES - Institut Fran\u00e7ais de J\u00e9rusalem","og_description":"Location d\u2019espaces \u2013 Institut Romain Gary Id\u00e9alement situ\u00e9, l\u2019Institut Romain Gary offre un lieu\u00a0au cachet rare, \u00e0 la fois\u00a0singulier et inspirant. Son architecture et son atmosph\u00e8re en font un espace unique, propice \u00e0 la cr\u00e9ation, \u00e0 la r\u00e9flexion et aux rencontres. Conf\u00e9rences, formations, examens, \u00e9v\u00e9nements culturels, r\u00e9unions ou projets sur mesure :\u00a0les possibilit\u00e9s sont nombreuses\u00a0et &hellip;","og_url":"https:\/\/www.ifjerusalem-romaingary.org\/he\/locations-espaces\/","og_site_name":"Institut Fran\u00e7ais de J\u00e9rusalem","article_publisher":"https:\/\/www.facebook.com\/IFJGary\/","article_modified_time":"2026-02-10T13:12:04+00:00","og_image":[{"width":1707,"height":2560,"url":"https:\/\/www.ifjerusalem-romaingary.org\/wp-content\/uploads\/2026\/02\/ELIO0026-scaled.jpg","type":"image\/jpeg"}],"twitter_card":"summary_large_image","twitter_site":"@ifjromaingary","twitter_misc":{"\u05d6\u05de\u05df \u05e7\u05e8\u05d9\u05d0\u05d4 \u05de\u05d5\u05e2\u05e8\u05da":"3 \u05d3\u05e7\u05d5\u05ea"},"schema":{"@context":"https:\/\/schema.org","@graph":[{"@type":"WebPage","@id":"https:\/\/www.ifjerusalem-romaingary.org\/he\/locations-espaces\/","url":"https:\/\/www.ifjerusalem-romaingary.org\/he\/locations-espaces\/","name":"LOCATIONS ESPACES - Institut Fran\u00e7ais de J\u00e9rusalem","isPartOf":{"@id":"https:\/\/www.ifjerusalem-romaingary.org\/he\/#website"},"primaryImageOfPage":{"@id":"https:\/\/www.ifjerusalem-romaingary.org\/he\/locations-espaces\/#primaryimage"},"image":{"@id":"https:\/\/www.ifjerusalem-romaingary.org\/he\/locations-espaces\/#primaryimage"},"thumbnailUrl":"https:\/\/www.ifjerusalem-romaingary.org\/wp-content\/uploads\/2026\/02\/ELIO0026-683x1024.jpg","datePublished":"2025-10-28T12:48:24+00:00","dateModified":"2026-02-10T13:12:04+00:00","breadcrumb":{"@id":"https:\/\/www.ifjerusalem-romaingary.org\/he\/locations-espaces\/#breadcrumb"},"inLanguage":"he-IL","potentialAction":[{"@type":"ReadAction","target":["https:\/\/www.ifjerusalem-romaingary.org\/he\/locations-espaces\/"]}]},{"@type":"ImageObject","inLanguage":"he-IL","@id":"https:\/\/www.ifjerusalem-romaingary.org\/he\/locations-espaces\/#primaryimage","url":"https:\/\/www.ifjerusalem-romaingary.org\/wp-content\/uploads\/2026\/02\/ELIO0026-683x1024.jpg","contentUrl":"https:\/\/www.ifjerusalem-romaingary.org\/wp-content\/uploads\/2026\/02\/ELIO0026-683x1024.jpg"},{"@type":"BreadcrumbList","@id":"https:\/\/www.ifjerusalem-romaingary.org\/he\/locations-espaces\/#breadcrumb","itemListElement":[{"@type":"ListItem","position":1,"name":"Accueil","item":"https:\/\/www.ifjerusalem-romaingary.org\/he\/accueil\/"},{"@type":"ListItem","position":2,"name":"LOCATIONS ESPACES"}]},{"@type":"WebSite","@id":"https:\/\/www.ifjerusalem-romaingary.org\/he\/#website","url":"https:\/\/www.ifjerusalem-romaingary.org\/he\/","name":"Institut Fran\u00e7ais de J\u00e9rusalem","description":"Romain Gary","publisher":{"@id":"https:\/\/www.ifjerusalem-romaingary.org\/he\/#organization"},"potentialAction":[{"@type":"SearchAction","target":{"@type":"EntryPoint","urlTemplate":"https:\/\/www.ifjerusalem-romaingary.org\/he\/?s={search_term_string}"},"query-input":{"@type":"PropertyValueSpecification","valueRequired":true,"valueName":"search_term_string"}}],"inLanguage":"he-IL"},{"@type":"Organization","@id":"https:\/\/www.ifjerusalem-romaingary.org\/he\/#organization","name":"Institut fran\u00e7ais de Jerusalem","url":"https:\/\/www.ifjerusalem-romaingary.org\/he\/","logo":{"@type":"ImageObject","inLanguage":"he-IL","@id":"https:\/\/www.ifjerusalem-romaingary.org\/he\/#\/schema\/logo\/image\/","url":"https:\/\/www.ifjerusalem-romaingary.org\/wp-content\/uploads\/2020\/01\/logo-Cons-Jerusalem-IFJ-2016@2x.png","contentUrl":"https:\/\/www.ifjerusalem-romaingary.org\/wp-content\/uploads\/2020\/01\/logo-Cons-Jerusalem-IFJ-2016@2x.png","width":480,"height":163,"caption":"Institut fran\u00e7ais de Jerusalem"},"image":{"@id":"https:\/\/www.ifjerusalem-romaingary.org\/he\/#\/schema\/logo\/image\/"},"sameAs":["https:\/\/www.facebook.com\/IFJGary\/","https:\/\/x.com\/ifjromaingary"]}]}},"_links":{"self":[{"href":"https:\/\/www.ifjerusalem-romaingary.org\/he\/wp-json\/wp\/v2\/pages\/12274","targetHints":{"allow":["GET"]}}],"collection":[{"href":"https:\/\/www.ifjerusalem-romaingary.org\/he\/wp-json\/wp\/v2\/pages"}],"about":[{"href":"https:\/\/www.ifjerusalem-romaingary.org\/he\/wp-json\/wp\/v2\/types\/page"}],"author":[{"embeddable":true,"href":"https:\/\/www.ifjerusalem-romaingary.org\/he\/wp-json\/wp\/v2\/users\/1"}],"replies":[{"embeddable":true,"href":"https:\/\/www.ifjerusalem-romaingary.org\/he\/wp-json\/wp\/v2\/comments?post=12274"}],"version-history":[{"count":6,"href":"https:\/\/www.ifjerusalem-romaingary.org\/he\/wp-json\/wp\/v2\/pages\/12274\/revisions"}],"predecessor-version":[{"id":12771,"href":"https:\/\/www.ifjerusalem-romaingary.org\/he\/wp-json\/wp\/v2\/pages\/12274\/revisions\/12771"}],"wp:attachment":[{"href":"https:\/\/www.ifjerusalem-romaingary.org\/he\/wp-json\/wp\/v2\/media?parent=12274"}],"curies":[{"name":"wp","href":"https:\/\/api.w.org\/{rel}","templated":true}]}}