{"id":12278,"date":"2025-10-28T15:20:55","date_gmt":"2025-10-28T13:20:55","guid":{"rendered":"https:\/\/www.ifjerusalem-romaingary.org\/?page_id=12278"},"modified":"2026-03-15T15:46:26","modified_gmt":"2026-03-15T13:46:26","slug":"culturetheque","status":"publish","type":"page","link":"https:\/\/www.ifjerusalem-romaingary.org\/he\/culturetheque\/","title":{"rendered":"CULTURETHEQUE"},"content":{"rendered":"<p><iframe loading=\"lazy\" title=\"Cultureth\u00e8que votre biblioth\u00e8que num\u00e9rique HD\" width=\"618\" height=\"348\" src=\"https:\/\/www.youtube.com\/embed\/5C5RykDocK0?feature=oembed\" frameborder=\"0\" allow=\"accelerometer; autoplay; clipboard-write; encrypted-media; gyroscope; picture-in-picture; web-share\" referrerpolicy=\"strict-origin-when-cross-origin\" allowfullscreen><\/iframe><\/p>\n<p class=\"p1\"><em><span class=\"s1\">Cultureth\u00e8que est la m\u00e9diath\u00e8que num\u00e9rique fran\u00e7aise.<\/span><\/em><\/p>\n<h4 class=\"p2\"><span class=\"s1\" style=\"color: #000080;\"><b>Les ressources disponibles sur Cultureth\u00e8que<\/b><\/span><\/h4>\n<p class=\"p2\"><span class=\"s1\">Cultureth\u00e8que propose des grands titres de la presse fran\u00e7aise, des bandes dessin\u00e9es, des romans, des ouvrages sur des th\u00e9matiques d'actualit\u00e9 (comme la Premi\u00e8re Guerre mondiale ou le climat), des modules d'autoformation, des livres pour les apprenants de fran\u00e7ais et notamment des lectures en fran\u00e7ais facile, des articles de sciences humaines, des captations de concerts, des webdocumentaires&#8230;<\/span><\/p>\n<p class=\"p2\"><span class=\"s1\">\u00a0<\/span><span class=\"s1\">Les ressources sont disponibles en streaming ou en t\u00e9l\u00e9chargement (pour un pr\u00eat de 21 jours, \u00e0 raison de 2 livres simultan\u00e9ment et 5 livres par mois maximum, avec la possibilit\u00e9 de consulter le livre via une tablette, liseuse ou smartphone).<br \/>\n<\/span><\/p>\n<h4 class=\"p2\"><span class=\"s1\" style=\"color: #000080;\"><b>Vous parlez fran\u00e7ais ou apprenez le fran\u00e7ais\u00a0?<\/b><\/span><\/h4>\n<p class=\"p2\"><span class=\"s1\">D\u00e9couvrez l\u2019\u00e9tendue des ressources disponibles gr\u00e2ce \u00e0 l\u2019<b>offre d\u00e9couverte<\/b> propos\u00e9e par la Cultureth\u00e8que dans votre pays. Vous pourrez ensuite vous inscrire dans la m\u00e9diath\u00e8que la plus proche de chez vous pour continuer \u00e0 acc\u00e9der \u00e0 ces ressources.<\/span><\/p>\n<p class=\"p1\"><span class=\"s1\">Cette offre vient en compl\u00e9ment de l\u2019offre globale de l\u2019adh\u00e9sion d\u2019un montant de 400 shekels en tarif normal, 300 shekels en tarif r\u00e9duit, permettant l\u2019acc\u00e8s \u00e0 la m\u00e9diath\u00e8que physique (espace de travail, salle de lecture), la plateforme CULTURETHEQUE et des tarifs pr\u00e9f\u00e9rentiels aux manifestations de l\u2019institut fran\u00e7ais de J\u00e9rusalem Romain Gary ainsi qu\u2019\u00e0 celles de ses partenaires.<\/span><\/p>\n<p class=\"p3\"><span class=\"s2\">Connectez-vous\u00a0: <span style=\"color: #3457a2;\"><a style=\"color: #3457a2;\" href=\"http:\/\/www.culturetheque.com\/\"><span class=\"s3\"><b>www.culturetheque.com<\/b><\/span><\/a> <\/span><\/span><\/p>\n<p class=\"p1\"><span class=\"s1\">Pour toute demande de formation au num\u00e9rique,\u00a0 \u00e9crivez \u00e0 l\u2019adresse suivante\u00a0: <span style=\"color: #3457a2;\"><a style=\"color: #3457a2;\" href=\"mailto:ifjromaingary@gmail.com\"><span class=\"s4\">ifjromaingary@gmail.com<\/span><\/a>\u00a0<\/span><\/span><\/p>\n<p class=\"p1\"><span class=\"s1\">En cas de difficult\u00e9s, contactez Edna Sayada : 02-6243156 poste 2<\/span><\/p>\n","protected":false},"excerpt":{"rendered":"<p>Cultureth\u00e8que est la m\u00e9diath\u00e8que num\u00e9rique fran\u00e7aise. Les ressources disponibles sur Cultureth\u00e8que Cultureth\u00e8que propose des grands titres de la presse fran\u00e7aise, des bandes dessin\u00e9es, des romans, des ouvrages sur des th\u00e9matiques d'actualit\u00e9 (comme la Premi\u00e8re Guerre mondiale ou le climat), des modules d'autoformation, des livres pour les apprenants de fran\u00e7ais et notamment des lectures en fran\u00e7ais &hellip;<\/p>\n","protected":false},"author":1,"featured_media":0,"parent":0,"menu_order":0,"comment_status":"closed","ping_status":"closed","template":"","meta":{"_exactmetrics_skip_tracking":false,"_exactmetrics_sitenote_active":false,"_exactmetrics_sitenote_note":"","_exactmetrics_sitenote_category":0,"footnotes":""},"class_list":["post-12278","page","type-page","status-publish",""],"yoast_head":"<!-- This site is optimized with the Yoast SEO plugin v26.6 - https:\/\/yoast.com\/wordpress\/plugins\/seo\/ -->\n<title>CULTURETHEQUE - Institut Fran\u00e7ais de J\u00e9rusalem<\/title>\n<meta name=\"robots\" content=\"index, follow, max-snippet:-1, max-image-preview:large, max-video-preview:-1\" \/>\n<link rel=\"canonical\" href=\"https:\/\/www.ifjerusalem-romaingary.org\/he\/culturetheque\/\" \/>\n<meta property=\"og:locale\" content=\"he_IL\" \/>\n<meta property=\"og:type\" content=\"article\" \/>\n<meta property=\"og:title\" content=\"CULTURETHEQUE - Institut Fran\u00e7ais de J\u00e9rusalem\" \/>\n<meta property=\"og:description\" content=\"Cultureth\u00e8que est la m\u00e9diath\u00e8que num\u00e9rique fran\u00e7aise. Les ressources disponibles sur Cultureth\u00e8que Cultureth\u00e8que propose des grands titres de la presse fran\u00e7aise, des bandes dessin\u00e9es, des romans, des ouvrages sur des th\u00e9matiques d&#039;actualit\u00e9 (comme la Premi\u00e8re Guerre mondiale ou le climat), des modules d&#039;autoformation, des livres pour les apprenants de fran\u00e7ais et notamment des lectures en fran\u00e7ais &hellip;\" \/>\n<meta property=\"og:url\" content=\"https:\/\/www.ifjerusalem-romaingary.org\/he\/culturetheque\/\" \/>\n<meta property=\"og:site_name\" content=\"Institut Fran\u00e7ais de J\u00e9rusalem\" \/>\n<meta property=\"article:publisher\" content=\"https:\/\/www.facebook.com\/IFJGary\/\" \/>\n<meta property=\"article:modified_time\" content=\"2026-03-15T13:46:26+00:00\" \/>\n<meta property=\"og:image\" content=\"https:\/\/www.ifjerusalem-romaingary.org\/wp-content\/uploads\/2020\/01\/logo-Cons-Jerusalem-IFJ-2016@2x.png\" \/>\n\t<meta property=\"og:image:width\" content=\"480\" \/>\n\t<meta property=\"og:image:height\" content=\"163\" \/>\n\t<meta property=\"og:image:type\" content=\"image\/png\" \/>\n<meta name=\"twitter:card\" content=\"summary_large_image\" \/>\n<meta name=\"twitter:site\" content=\"@ifjromaingary\" \/>\n<meta name=\"twitter:label1\" content=\"\u05d6\u05de\u05df \u05e7\u05e8\u05d9\u05d0\u05d4 \u05de\u05d5\u05e2\u05e8\u05da\" \/>\n\t<meta name=\"twitter:data1\" content=\"2 \u05d3\u05e7\u05d5\u05ea\" \/>\n<script type=\"application\/ld+json\" class=\"yoast-schema-graph\">{\"@context\":\"https:\/\/schema.org\",\"@graph\":[{\"@type\":\"WebPage\",\"@id\":\"https:\/\/www.ifjerusalem-romaingary.org\/he\/culturetheque\/\",\"url\":\"https:\/\/www.ifjerusalem-romaingary.org\/he\/culturetheque\/\",\"name\":\"CULTURETHEQUE - Institut Fran\u00e7ais de J\u00e9rusalem\",\"isPartOf\":{\"@id\":\"https:\/\/www.ifjerusalem-romaingary.org\/he\/#website\"},\"datePublished\":\"2025-10-28T13:20:55+00:00\",\"dateModified\":\"2026-03-15T13:46:26+00:00\",\"breadcrumb\":{\"@id\":\"https:\/\/www.ifjerusalem-romaingary.org\/he\/culturetheque\/#breadcrumb\"},\"inLanguage\":\"he-IL\",\"potentialAction\":[{\"@type\":\"ReadAction\",\"target\":[\"https:\/\/www.ifjerusalem-romaingary.org\/he\/culturetheque\/\"]}]},{\"@type\":\"BreadcrumbList\",\"@id\":\"https:\/\/www.ifjerusalem-romaingary.org\/he\/culturetheque\/#breadcrumb\",\"itemListElement\":[{\"@type\":\"ListItem\",\"position\":1,\"name\":\"Accueil\",\"item\":\"https:\/\/www.ifjerusalem-romaingary.org\/he\/accueil\/\"},{\"@type\":\"ListItem\",\"position\":2,\"name\":\"CULTURETHEQUE\"}]},{\"@type\":\"WebSite\",\"@id\":\"https:\/\/www.ifjerusalem-romaingary.org\/he\/#website\",\"url\":\"https:\/\/www.ifjerusalem-romaingary.org\/he\/\",\"name\":\"Institut Fran\u00e7ais de J\u00e9rusalem\",\"description\":\"Romain Gary\",\"publisher\":{\"@id\":\"https:\/\/www.ifjerusalem-romaingary.org\/he\/#organization\"},\"potentialAction\":[{\"@type\":\"SearchAction\",\"target\":{\"@type\":\"EntryPoint\",\"urlTemplate\":\"https:\/\/www.ifjerusalem-romaingary.org\/he\/?s={search_term_string}\"},\"query-input\":{\"@type\":\"PropertyValueSpecification\",\"valueRequired\":true,\"valueName\":\"search_term_string\"}}],\"inLanguage\":\"he-IL\"},{\"@type\":\"Organization\",\"@id\":\"https:\/\/www.ifjerusalem-romaingary.org\/he\/#organization\",\"name\":\"Institut fran\u00e7ais de Jerusalem\",\"url\":\"https:\/\/www.ifjerusalem-romaingary.org\/he\/\",\"logo\":{\"@type\":\"ImageObject\",\"inLanguage\":\"he-IL\",\"@id\":\"https:\/\/www.ifjerusalem-romaingary.org\/he\/#\/schema\/logo\/image\/\",\"url\":\"https:\/\/www.ifjerusalem-romaingary.org\/wp-content\/uploads\/2020\/01\/logo-Cons-Jerusalem-IFJ-2016@2x.png\",\"contentUrl\":\"https:\/\/www.ifjerusalem-romaingary.org\/wp-content\/uploads\/2020\/01\/logo-Cons-Jerusalem-IFJ-2016@2x.png\",\"width\":480,\"height\":163,\"caption\":\"Institut fran\u00e7ais de Jerusalem\"},\"image\":{\"@id\":\"https:\/\/www.ifjerusalem-romaingary.org\/he\/#\/schema\/logo\/image\/\"},\"sameAs\":[\"https:\/\/www.facebook.com\/IFJGary\/\",\"https:\/\/x.com\/ifjromaingary\"]}]}<\/script>\n<!-- \/ Yoast SEO plugin. -->","yoast_head_json":{"title":"CULTURETHEQUE - Institut Fran\u00e7ais de J\u00e9rusalem","robots":{"index":"index","follow":"follow","max-snippet":"max-snippet:-1","max-image-preview":"max-image-preview:large","max-video-preview":"max-video-preview:-1"},"canonical":"https:\/\/www.ifjerusalem-romaingary.org\/he\/culturetheque\/","og_locale":"he_IL","og_type":"article","og_title":"CULTURETHEQUE - Institut Fran\u00e7ais de J\u00e9rusalem","og_description":"Cultureth\u00e8que est la m\u00e9diath\u00e8que num\u00e9rique fran\u00e7aise. Les ressources disponibles sur Cultureth\u00e8que Cultureth\u00e8que propose des grands titres de la presse fran\u00e7aise, des bandes dessin\u00e9es, des romans, des ouvrages sur des th\u00e9matiques d'actualit\u00e9 (comme la Premi\u00e8re Guerre mondiale ou le climat), des modules d'autoformation, des livres pour les apprenants de fran\u00e7ais et notamment des lectures en fran\u00e7ais &hellip;","og_url":"https:\/\/www.ifjerusalem-romaingary.org\/he\/culturetheque\/","og_site_name":"Institut Fran\u00e7ais de J\u00e9rusalem","article_publisher":"https:\/\/www.facebook.com\/IFJGary\/","article_modified_time":"2026-03-15T13:46:26+00:00","og_image":[{"width":480,"height":163,"url":"https:\/\/www.ifjerusalem-romaingary.org\/wp-content\/uploads\/2020\/01\/logo-Cons-Jerusalem-IFJ-2016@2x.png","type":"image\/png"}],"twitter_card":"summary_large_image","twitter_site":"@ifjromaingary","twitter_misc":{"\u05d6\u05de\u05df \u05e7\u05e8\u05d9\u05d0\u05d4 \u05de\u05d5\u05e2\u05e8\u05da":"2 \u05d3\u05e7\u05d5\u05ea"},"schema":{"@context":"https:\/\/schema.org","@graph":[{"@type":"WebPage","@id":"https:\/\/www.ifjerusalem-romaingary.org\/he\/culturetheque\/","url":"https:\/\/www.ifjerusalem-romaingary.org\/he\/culturetheque\/","name":"CULTURETHEQUE - Institut Fran\u00e7ais de J\u00e9rusalem","isPartOf":{"@id":"https:\/\/www.ifjerusalem-romaingary.org\/he\/#website"},"datePublished":"2025-10-28T13:20:55+00:00","dateModified":"2026-03-15T13:46:26+00:00","breadcrumb":{"@id":"https:\/\/www.ifjerusalem-romaingary.org\/he\/culturetheque\/#breadcrumb"},"inLanguage":"he-IL","potentialAction":[{"@type":"ReadAction","target":["https:\/\/www.ifjerusalem-romaingary.org\/he\/culturetheque\/"]}]},{"@type":"BreadcrumbList","@id":"https:\/\/www.ifjerusalem-romaingary.org\/he\/culturetheque\/#breadcrumb","itemListElement":[{"@type":"ListItem","position":1,"name":"Accueil","item":"https:\/\/www.ifjerusalem-romaingary.org\/he\/accueil\/"},{"@type":"ListItem","position":2,"name":"CULTURETHEQUE"}]},{"@type":"WebSite","@id":"https:\/\/www.ifjerusalem-romaingary.org\/he\/#website","url":"https:\/\/www.ifjerusalem-romaingary.org\/he\/","name":"Institut Fran\u00e7ais de J\u00e9rusalem","description":"Romain Gary","publisher":{"@id":"https:\/\/www.ifjerusalem-romaingary.org\/he\/#organization"},"potentialAction":[{"@type":"SearchAction","target":{"@type":"EntryPoint","urlTemplate":"https:\/\/www.ifjerusalem-romaingary.org\/he\/?s={search_term_string}"},"query-input":{"@type":"PropertyValueSpecification","valueRequired":true,"valueName":"search_term_string"}}],"inLanguage":"he-IL"},{"@type":"Organization","@id":"https:\/\/www.ifjerusalem-romaingary.org\/he\/#organization","name":"Institut fran\u00e7ais de Jerusalem","url":"https:\/\/www.ifjerusalem-romaingary.org\/he\/","logo":{"@type":"ImageObject","inLanguage":"he-IL","@id":"https:\/\/www.ifjerusalem-romaingary.org\/he\/#\/schema\/logo\/image\/","url":"https:\/\/www.ifjerusalem-romaingary.org\/wp-content\/uploads\/2020\/01\/logo-Cons-Jerusalem-IFJ-2016@2x.png","contentUrl":"https:\/\/www.ifjerusalem-romaingary.org\/wp-content\/uploads\/2020\/01\/logo-Cons-Jerusalem-IFJ-2016@2x.png","width":480,"height":163,"caption":"Institut fran\u00e7ais de Jerusalem"},"image":{"@id":"https:\/\/www.ifjerusalem-romaingary.org\/he\/#\/schema\/logo\/image\/"},"sameAs":["https:\/\/www.facebook.com\/IFJGary\/","https:\/\/x.com\/ifjromaingary"]}]}},"_links":{"self":[{"href":"https:\/\/www.ifjerusalem-romaingary.org\/he\/wp-json\/wp\/v2\/pages\/12278","targetHints":{"allow":["GET"]}}],"collection":[{"href":"https:\/\/www.ifjerusalem-romaingary.org\/he\/wp-json\/wp\/v2\/pages"}],"about":[{"href":"https:\/\/www.ifjerusalem-romaingary.org\/he\/wp-json\/wp\/v2\/types\/page"}],"author":[{"embeddable":true,"href":"https:\/\/www.ifjerusalem-romaingary.org\/he\/wp-json\/wp\/v2\/users\/1"}],"replies":[{"embeddable":true,"href":"https:\/\/www.ifjerusalem-romaingary.org\/he\/wp-json\/wp\/v2\/comments?post=12278"}],"version-history":[{"count":7,"href":"https:\/\/www.ifjerusalem-romaingary.org\/he\/wp-json\/wp\/v2\/pages\/12278\/revisions"}],"predecessor-version":[{"id":12919,"href":"https:\/\/www.ifjerusalem-romaingary.org\/he\/wp-json\/wp\/v2\/pages\/12278\/revisions\/12919"}],"wp:attachment":[{"href":"https:\/\/www.ifjerusalem-romaingary.org\/he\/wp-json\/wp\/v2\/media?parent=12278"}],"curies":[{"name":"wp","href":"https:\/\/api.w.org\/{rel}","templated":true}]}}